{"id":1715,"date":"2019-01-10T11:37:01","date_gmt":"2019-01-10T10:37:01","guid":{"rendered":"http:\/\/www.esglesiarubi.org\/esglesia\/?post_type=wpfc_sermon&#038;p=1715"},"modified":"2019-01-10T11:37:01","modified_gmt":"2019-01-10T10:37:01","slug":"pureza-e-impureza","status":"publish","type":"wpfc_sermon","link":"https:\/\/www.esglesiarubi.org\/esglesia\/predicacions\/pureza-e-impureza\/","title":{"rendered":"Pureza e impureza"},"content":{"rendered":"<p>Bible Text: Marc 7:1-8, 14-15, 21-23 | Preacher: Jonathan Navarro | Series: Tiempo Ordinario | En el relato, los fariseos y los escribas vienen desde Jerusal\u00e9n y se encuentran con que los disc\u00edpulos de Jes\u00fas no siguen las tradiciones de lavarse las manos antes de comer, y parece que tampoco lavan los utensilios\u2026<\/p>\n<p>Y a nosotros esto nos puede parecer un poco antihigi\u00e9nico \u00bfverdad? Nosotros entendemos que hemos de lavarnos las manos antes de comer, claro, pero tampoco parece este un tema teol\u00f3gico, religioso, no parece que esto pueda influir en nuestra relaci\u00f3n con Dios.<\/p>\n","protected":false},"excerpt":{"rendered":"<p>Bible Text: Marc 7:1-8, 14-15, 21-23 | Preacher: Jonathan Navarro | Series: Tiempo Ordinario | En el relato, los fariseos y los escribas vienen desde Jerusal\u00e9n y se encuentran con que los disc\u00edpulos de Jes\u00fas no siguen las tradiciones de lavarse las manos antes de comer, y parece que tampoco lavan los utensilios\u2026 Y a &#8230; <span class=\"more\"><a class=\"more-link\" href=\"https:\/\/www.esglesiarubi.org\/esglesia\/predicacions\/pureza-e-impureza\/\">[Llegir m\u00e9s&#8230;]<\/a><\/span><\/p>\n","protected":false},"author":3,"featured_media":0,"comment_status":"open","ping_status":"closed","template":"","meta":{"jetpack_post_was_ever_published":false,"jetpack_publicize_message":"","jetpack_publicize_feature_enabled":true,"jetpack_social_post_already_shared":true,"jetpack_social_options":{"image_generator_settings":{"template":"highway","enabled":false},"version":2}},"wpfc_preacher":[28],"wpfc_sermon_series":[29],"wpfc_sermon_topics":[],"wpfc_bible_book":[46,123],"wpfc_service_type":[],"class_list":["wpfc_preacher-jonathan-navarro","wpfc_sermon_series-tiempo-ordinario","wpfc_bible_book-marcos","wpfc_bible_book-mark","wpfc-sermon-single","entry","wpfc_sermon","publish","author-pastorrubi","post-1715"],"jetpack_publicize_connections":[],"aioseo_notices":[],"jetpack_sharing_enabled":true,"sermon_audio":"https:\/\/drive.google.com\/file\/d\/1rRfTAxFDuSuiZ6OdSYyy-KNdO7UkolK3\/view?usp=sharing","sermon_audio_duration":"","_views":"30","bible_passage":"Marc 7:1-8, 14-15, 21-23","sermon_video_embed":"","sermon_video_url":"","sermon_bulletin":"","_featured_url":false,"sermon_date":1535888221,"_sermon_date_auto":false,"_links":{"self":[{"href":"https:\/\/www.esglesiarubi.org\/esglesia\/wp-json\/wp\/v2\/wpfc_sermon\/1715","targetHints":{"allow":["GET"]}}],"collection":[{"href":"https:\/\/www.esglesiarubi.org\/esglesia\/wp-json\/wp\/v2\/wpfc_sermon"}],"about":[{"href":"https:\/\/www.esglesiarubi.org\/esglesia\/wp-json\/wp\/v2\/types\/wpfc_sermon"}],"author":[{"embeddable":true,"href":"https:\/\/www.esglesiarubi.org\/esglesia\/wp-json\/wp\/v2\/users\/3"}],"replies":[{"embeddable":true,"href":"https:\/\/www.esglesiarubi.org\/esglesia\/wp-json\/wp\/v2\/comments?post=1715"}],"version-history":[{"count":0,"href":"https:\/\/www.esglesiarubi.org\/esglesia\/wp-json\/wp\/v2\/wpfc_sermon\/1715\/revisions"}],"wp:attachment":[{"href":"https:\/\/www.esglesiarubi.org\/esglesia\/wp-json\/wp\/v2\/media?parent=1715"}],"wp:term":[{"taxonomy":"wpfc_preacher","embeddable":true,"href":"https:\/\/www.esglesiarubi.org\/esglesia\/wp-json\/wp\/v2\/wpfc_preacher?post=1715"},{"taxonomy":"wpfc_sermon_series","embeddable":true,"href":"https:\/\/www.esglesiarubi.org\/esglesia\/wp-json\/wp\/v2\/wpfc_sermon_series?post=1715"},{"taxonomy":"wpfc_sermon_topics","embeddable":true,"href":"https:\/\/www.esglesiarubi.org\/esglesia\/wp-json\/wp\/v2\/wpfc_sermon_topics?post=1715"},{"taxonomy":"wpfc_bible_book","embeddable":true,"href":"https:\/\/www.esglesiarubi.org\/esglesia\/wp-json\/wp\/v2\/wpfc_bible_book?post=1715"},{"taxonomy":"wpfc_service_type","embeddable":true,"href":"https:\/\/www.esglesiarubi.org\/esglesia\/wp-json\/wp\/v2\/wpfc_service_type?post=1715"}],"curies":[{"name":"wp","href":"https:\/\/api.w.org\/{rel}","templated":true}]}}