{"id":2,"date":"2012-02-17T08:05:08","date_gmt":"2012-02-17T08:05:08","guid":{"rendered":"http:\/\/www.esglesiarubi.org\/esglesia\/?page_id=2"},"modified":"2019-11-14T09:55:51","modified_gmt":"2019-11-14T08:55:51","slug":"qui-som","status":"publish","type":"page","link":"https:\/\/www.esglesiarubi.org\/esglesia\/qui-som\/","title":{"rendered":"Qui som"},"content":{"rendered":"<p>Fundada al 1881 la 1era Esgl\u00e9sia Protestant a Rub\u00ed \u00e9s una de les comunitats m\u00e9s antigues de la pen\u00ednsula.<\/p>\n<p>Encara que dins de la tradici\u00f3 <strong>Metodista<\/strong>, la nostre esgl\u00e9sia pertany a una esgl\u00e9sia m\u00e9s gran que aplega tamb\u00e9 a esgl\u00e9sies Presbiterianes: la <a href=\"http:\/\/www.iee-es.org\/blog\/\">IEE o <em>Iglesia Evang\u00e9lica Espa\u00f1ola<\/em><\/a>, estem doncs dins del presbiteri de Catalunya anomenat <a href=\"http:\/\/eec.cat\/blog\/\"><em>Esgl\u00e9sia Evang\u00e8lica de Catalunya<\/em><\/a>.<\/p>\n<p>Som llavors part del que es coneix com a \u201c<em>Protestantisme Hist\u00f2ric<\/em>\u201d, que inclou a aquelles esgl\u00e9sies que s\u2019han mantingut arrelades a la primera reforma del s XVI, com per exemple les esgl\u00e9sies luteranes entre d\u2019altres.<\/p>\n<p>Pertanyem i som membres dels principals f\u00f2rums de di\u00e0leg ecum\u00e8nic, com: el Consell Mundial d\u2019Esgl\u00e9sies, la Confer\u00e8ncia d\u2019Esgl\u00e9sies Europees, el Consell Mundial Metodista aix\u00ed com de la Comuni\u00f3 Mundial d&#8217;Esgl\u00e9sies Reformades.<\/p>\n<p>De talant progressista, la 1era Esgl\u00e9sia Protestant a Rub\u00ed, vol desenvolupar els valors que ens acompanyen des de la nostra fundaci\u00f3 centrats en la recerca de la just\u00edcia social, la igualtat d\u2019oportunitats pels nostres ciutadans, la llibertat de consci\u00e8ncia i fe, la inclusi\u00f3 dels exclosos i dels migrants, i la solidaritat activa.<\/p>\n<p>&nbsp;<\/p>\n<hr>\n<p>&nbsp;<\/p>\n<p>Fundada en 1881 la 1era Iglesia Protestante en Rub\u00ed es una de las comunidades m\u00e1s antiguas de la pen\u00ednsula.<\/p>\n<p>Aunque dentro de la tradici\u00f3n <strong>Metodista<\/strong>, nuestra iglesia pertenece a una iglesia m\u00e1s grande que re\u00fane tambi\u00e9n a la Iglesia Presbiteriana: la IEE o <em>Iglesia Evang\u00e9lica Espa\u00f1ola<\/em>, estamos pues dentro del presbiterio de Catalu\u00f1a llamado <em>Iglesia Evang\u00e9lica de Catalu\u00f1a<\/em>.<\/p>\n<p>Somos entonces parte de lo que se conoce como &#8220;<em>Protestantismo Hist\u00f3rico<\/em>&#8220;, que incluye a aquellas iglesias que se han mantenido arraigadas en la primera reforma del siglo XVI, como por ejemplo las iglesias luteranas, entre otras.<\/p>\n<p>Pertenecemos y somos miembros de los principales foros de di\u00e1logo ecum\u00e9nico, como: el Consejo Mundial de Iglesias, la Conferencia de Iglesias Europeas, el Consejo Mundial Metodista as\u00ed como de la Comuni\u00f3n Mundial de Iglesias Reformadas.<\/p>\n<p>De talante progresista, la 1era Iglesia Protestante en Rub\u00ed, quiere desarrollar los valores que nos acompa\u00f1an desde nuestra fundaci\u00f3n centrados en la b\u00fasqueda de la justicia social, la igualdad de oportunidades para nuestros ciudadanos, la libertad de conciencia y fe, la inclusi\u00f3n los excluidos y los migrantes, y la solidaridad activa.<\/p>\n","protected":false},"excerpt":{"rendered":"<p>Fundada al 1881 la 1era Esgl\u00e9sia Protestant a Rub\u00ed \u00e9s una de les comunitats m\u00e9s antigues de la pen\u00ednsula. Encara que dins de la tradici\u00f3 Metodista, la nostre esgl\u00e9sia pertany a una esgl\u00e9sia m\u00e9s gran que aplega tamb\u00e9 a esgl\u00e9sies Presbiterianes: la IEE o Iglesia Evang\u00e9lica Espa\u00f1ola, estem doncs dins del presbiteri de Catalunya anomenat &#8230; <span class=\"more\"><a class=\"more-link\" href=\"https:\/\/www.esglesiarubi.org\/esglesia\/qui-som\/\">[Llegir m\u00e9s&#8230;]<\/a><\/span><\/p>\n","protected":false},"author":4,"featured_media":0,"parent":0,"menu_order":0,"comment_status":"open","ping_status":"open","template":"","meta":{"jetpack_post_was_ever_published":false,"footnotes":""},"class_list":["entry","page","publish","author-communitymanager","post-2"],"aioseo_notices":[],"jetpack_sharing_enabled":true,"jetpack_shortlink":"https:\/\/wp.me\/P8020h-2","_links":{"self":[{"href":"https:\/\/www.esglesiarubi.org\/esglesia\/wp-json\/wp\/v2\/pages\/2","targetHints":{"allow":["GET"]}}],"collection":[{"href":"https:\/\/www.esglesiarubi.org\/esglesia\/wp-json\/wp\/v2\/pages"}],"about":[{"href":"https:\/\/www.esglesiarubi.org\/esglesia\/wp-json\/wp\/v2\/types\/page"}],"author":[{"embeddable":true,"href":"https:\/\/www.esglesiarubi.org\/esglesia\/wp-json\/wp\/v2\/users\/4"}],"replies":[{"embeddable":true,"href":"https:\/\/www.esglesiarubi.org\/esglesia\/wp-json\/wp\/v2\/comments?post=2"}],"version-history":[{"count":0,"href":"https:\/\/www.esglesiarubi.org\/esglesia\/wp-json\/wp\/v2\/pages\/2\/revisions"}],"wp:attachment":[{"href":"https:\/\/www.esglesiarubi.org\/esglesia\/wp-json\/wp\/v2\/media?parent=2"}],"curies":[{"name":"wp","href":"https:\/\/api.w.org\/{rel}","templated":true}]}}