{"id":1955,"date":"2019-12-05T09:18:58","date_gmt":"2019-12-05T08:18:58","guid":{"rendered":"http:\/\/www.esglesiarubi.org\/esglesia\/?page_id=1955"},"modified":"2019-12-05T09:25:11","modified_gmt":"2019-12-05T08:25:11","slug":"vespres-dadvent","status":"publish","type":"page","link":"https:\/\/www.esglesiarubi.org\/esglesia\/reflexiones-escritas\/vespres-dadvent\/","title":{"rendered":"Vespres d&#8217;Advent"},"content":{"rendered":"\n<h2 class=\"wp-block-heading\">Una lit\u00fargia per a vespres<\/h2>\n\n\n\n<p><em>Es comen\u00e7a amb el temple a les fosques<\/em>, <em>s&#8217;entrega una espelma apagada a cada participant, poden ser de &#8220;led&#8221;.<\/em><\/p>\n\n\n\n<p><strong>Intro Himne: Tenemos esperanza<\/strong> (<em>Himnario Metodista 129<\/em>)<\/p>\n\n\n\n<p>La foscor en aquesta \u00e8poca de l&#8217;any pot ser aclaparadora.<br>\nI augmenta el nostre desig de llum.<br>\nAquest anhel pot minar les nostres forces.<br>\nFins al punt que buscar la veritat es converteixi en la tasca m\u00e9s dif\u00edcil.<br>\nMassa sovint, la llum que anhelem s\u2019endarrereix&#8230;<br>\nI nom\u00e9s ens queda contemplar la foscor.<br>\nEncara estem junts, per\u00f2 tamb\u00e9 estem sols.<br>\nEncara tenim esperances, per\u00f2 tampoc ens sentim segurs.<br>\nEncara estem.<br>\nEncara en la foscor\u2026 busquem la llum.<\/p>\n\n\n\n<p class=\"has-text-align-center\"><em>[silenci]<\/em><\/p>\n\n\n\n<p>Ell estava amb D\u00e9u al principi.<br>\nPer ell tot ha vingut a l&#8217;exist\u00e8ncia,<br>\ni res no hi ha vingut sense ell.<br>\nEn ell hi havia la vida,<br>\ni la vida era la llum dels homes.<br>\nLa llum resplendeix en la foscor,<br>\ni la foscor no ha pogut ofegar-la.<br>\nJoan 1:2-5<\/p>\n\n\n\n<p><em>[Encesa d\u2019espelma del p\u00falpit i es pot encendre alguna llum de baixa intensitat]<\/em><\/p>\n\n\n\n<p class=\"has-text-align-center\"><strong>Coral: Oh ven, oh ven Emmanuel<\/strong><\/p>\n\n\n\n<p><strong>PREG\u00c0RIA DE LA LLUM<\/strong><\/p>\n\n\n\n<p>D\u00e9u i Pare nostre<br>Davant teu recordem a les persones que pateixen la obscuritat d\u2019aquest m\u00f3n&#8230;<br><em>Resposta<\/em><strong>: D\u00e9u i Pare nostre<\/strong> <strong>que vingui la teva llum<\/strong><\/p>\n\n\n\n<p>Et donem gr\u00e0cies D\u00e9u per les vides que s\u00f3n llum enmig de la foscor.<br><em>Resposta<strong>:<\/strong><\/em> <strong>D\u00e9u i Pare nostre<\/strong> <strong>que vingui la teva llum<\/strong><\/p>\n\n\n\n<p>Et preguem que la teva llum, D\u00e9u, brilli en nosaltres &#8230;<br><em>Resposta<strong>:<\/strong><\/em> <strong>D\u00e9u i Pare nostre<\/strong> <strong>que vingui la teva llum<\/strong><\/p>\n\n\n\n<p class=\"has-text-align-center\"><em>[silenci]<\/em><\/p>\n\n\n\n<p><strong>Himne: Lo mortal guarde silencio (1, 3 i 4) <\/strong><em>(Himnario Cristiano 6)<\/em><\/p>\n\n\n\n<ol class=\"wp-block-list\"><li>Lo mortal guarde silencio<br>\ny se acalle con temor;<br>\ny el humano considere<br>\nque, con bendici\u00f3n y amor,<br>\nCristo, nuestro Dios, desciende,<br>\nRey bendito y Salvador.<\/li><li>Van las huestes celestiales<br>\nsu vanguardia a desplegar.<br>\nYa la Luz de luz desciende<br>\ndesde el reino celestial,<br>\ny las tinieblas ahuyenta<br>\nde un Sol nuevo el clarear.<\/li><li>A sus pies los serafines,<br>\nlas vigilias al guardar,<br>\nc\u00fabrense de su presencia<br>\nsin cesar de proclamar:<br>\n\u201c\u00a1Aleluya y aleluya<br>\na Jes\u00fas Rey sin igual!\u201d<\/li><\/ol>\n\n\n\n<p><strong>RESPOSTA A LA PREG\u00c0RIA<\/strong><\/p>\n\n\n\n<p>La llum de D\u00e9u<br><em>Resposta:<\/em> <strong>Per guiar-nos i treure&#8217;ns la por<\/strong>.<\/p>\n\n\n\n<p>El poder de D\u00e9u<br><em>Resposta:<\/em> <strong>Per protegir-nos i fer-nos ferms.<\/strong><\/p>\n\n\n\n<p>L&#8217;alegria de D\u00e9u<br><em>Resposta:<\/em> <strong>Per sanar-nos i portar-nos goig<\/strong><\/p>\n\n\n\n<p>La gr\u00e0cia de D\u00e9u<br><em>Resposta:<\/em> <strong>Per beneir-nos i mantenir-nos en l\u2019amor<br><\/strong>ara i sempre.<br><em>Resposta:<\/em> <strong>am\u00e9n<\/strong><\/p>\n\n\n\n<p class=\"has-text-align-center\"><strong>Coral: Veniu Germans (Silenci Cel)<\/strong><\/p>\n\n\n\n<p><strong>Lectura de la Paraula<\/strong><\/p>\n\n\n\n<p>\u00bbVosaltres sou la llum del m\u00f3n. No es pot amagar un poble posat dalt d&#8217;una muntanya, i ning\u00fa no enc\u00e9n una ll\u00e0ntia per posar-la sota una mesura, sin\u00f3 en el portall\u00e0nties, perqu\u00e8 faci llum a tots els qui s\u00f3n a la casa. Que brilli igualment la vostra llum davant la gent; aix\u00ed veuran les vostres bones obres i glorificaran el vostre Pare del cel.<br>\nMat 5:14-16<\/p>\n\n\n\n<p><em>[Coral, i tothom que hi tingui, enc\u00e9n les espelmes que hem repartit, s\u2019encenen les llums del temple]<\/em><\/p>\n\n\n\n<p>&nbsp;\u00abAqu\u00ed teniu el meu servent,<br> que jo sostinc,<br> el meu elegit,<br> en qui m&#8217;he complagut.<br> He posat damunt d&#8217;ell el meu Esperit<br> perqu\u00e8 porti la just\u00edcia a les nacions.<br> No crida ni al\u00e7a la veu,<br> no la fa sentir pels carrers.<br> No trenca la canya esquerdada<br> ni apaga la metxa que vacil\u00b7la.<br> Porta la just\u00edcia amb fermesa,<br> sense vacil\u00b7lar ni doblegar-se,<br> fins que l&#8217;haur\u00e0 implantada<br> a la terra;<br> i els qui viuen lluny, a les illes,<br> esperaran les seves decisions.\u00bb<\/p>\n\n\n\n<p><em>Aqu\u00ed es pot obrir un espai de preg\u00e0ries breus, a on es pot demanar que D\u00e9u porti llum a una cosa concreta, conflictes internacionals, personals, etc.<\/em><\/p>\n\n\n\n<p><strong>Himne Us preguem Senyor baixeu!<\/strong> <em>(Cants de Gl\u00f2ria 74)<\/em><\/p>\n\n\n\n<ol class=\"wp-block-list\"><li>Us preguem Senyor, baixeu!<br>\nV\u00f3s que als n\u00favols habiteu.<br>\nAmb la vostra majestat,<br>\nno oblideu el que heu creat.<\/li><li>Per l\u2019al\u00e8 del Esperit,<br>\nus voleu fer tant petit<br>\ni en un ventre virginal,<br>\nD\u00e9u etern fer-vos mortal.<\/li><li>Lloan\u00e7a al Pare Eternal,<br>\nal Crist Senyor immortal,<br>\ni a l\u2019Esperit Sant, Senyor,<br>\nque ens don\u00e0 el Crist Salvador.<\/li><\/ol>\n\n\n\n<p><strong>CRIDA A LA COMUNITAT<\/strong><\/p>\n\n\n\n<p>La nostra for\u00e7a pot ser feble, la nostra llum pot ser t\u00e8nue,<br> per\u00f2 una canya esquerdada no es trenca,<br> I una metxa encesa no s&#8217;apagar\u00e0.<\/p>\n\n\n\n<p>la llum parpelleja, per\u00f2 perdurar\u00e0:<br>\nFins que sigui establerta la just\u00edcia a la terra<\/p>\n\n\n\n<p><em>Resposta:<\/em> <strong>Vine, i afegeix la metxa de la teva espelma<br> per il\u00b7luminar el nostre m\u00f3n.<\/strong><\/p>\n\n\n\n<p>Tots els qui treballen per la just\u00edcia:<br>\nafegiu la metxa de la vostra espelma<br>\nper il\u00b7luminar el nostre m\u00f3n.<\/p>\n\n\n\n<p>Tots els qui voleu acceptaci\u00f3:<br>\nafegiu la metxa de la vostra espelma<br>\nper il\u00b7luminar el nostre m\u00f3n.<\/p>\n\n\n\n<p><em>Resposta:<\/em> <strong>Vine, i afegeix la metxa de la teva espelma<br> per il\u00b7luminar el nostre m\u00f3n.<\/strong><\/p>\n\n\n\n<p>Tots els que sou rebutjats,<br>\nafegiu la metxa de la vostra espelma<br>\nper il\u00b7luminar el nostre m\u00f3n.<\/p>\n\n\n\n<p>Tots els que penseu que teniu molt poc per oferir<br>\nafegiu la metxa de la vostra espelma<br>\nper il\u00b7luminar el nostre m\u00f3n.<\/p>\n\n\n\n<p><em>Resposta:<\/em><strong> <\/strong><strong>Vine, i afegeix la metxa de la teva espelma<br> per il\u00b7luminar el nostre m\u00f3n.<\/strong><\/p>\n\n\n\n<p>Si estem sols fem una petita llum,<br>\nTots junts amb Jes\u00fas il\u00b7luminarem el m\u00f3n<\/p>\n\n\n\n<p><em>Resposta:<\/em> <strong>Seguim la llum del que ve, i est\u00e0 venint,<br> Preguem Maranatha, vine Senyor Jes\u00fas.<\/strong><\/p>\n\n\n\n<p class=\"has-text-align-center\"><strong>Coral: Un roseret eixia nat d&#8217;un esqueix tendral<\/strong><\/p>\n\n\n\n<p><strong>Comiat i Benedicci\u00f3:<\/strong><\/p>\n\n\n\n<p>Ara \u00e9s realment fosc a fora.<br>Per\u00f2 portarem a la nit la llum de Crist.<\/p>\n\n\n\n<p>Que la llum del Crist est\u00e0 venint brilli entre nosaltres,<\/p>\n\n\n\n<p>Que la llum del Fill de D\u00e9u es reflecteixi en les vostres vides<\/p>\n\n\n\n<p>Que el Sant Esperit us ompli d\u2019esperan\u00e7a, pau, amor i goig<br>\nper a que visqueu l\u2019adveniment del Messies en el cam\u00ed de la seva llum.<\/p>\n\n\n\n<p>aquesta nit i sempre.<br>\nam\u00e9n<\/p>\n\n\n\n<p class=\"has-text-align-center\"><strong>Coral: Jes\u00fas joia meva<\/strong><\/p>\n","protected":false},"excerpt":{"rendered":"<p>Una lit\u00fargia per a vespres Es comen\u00e7a amb el temple a les fosques, s&#8217;entrega una espelma apagada a cada participant, poden ser de &#8220;led&#8221;. Intro Himne: Tenemos esperanza (Himnario Metodista 129) La foscor en aquesta \u00e8poca de l&#8217;any pot ser aclaparadora. I augmenta el nostre desig de llum. Aquest anhel pot minar les nostres forces. &#8230; <span class=\"more\"><a class=\"more-link\" href=\"https:\/\/www.esglesiarubi.org\/esglesia\/reflexiones-escritas\/vespres-dadvent\/\">[Llegir m\u00e9s&#8230;]<\/a><\/span><\/p>\n","protected":false},"author":3,"featured_media":1898,"parent":587,"menu_order":0,"comment_status":"closed","ping_status":"closed","template":"","meta":{"jetpack_post_was_ever_published":false,"footnotes":""},"class_list":{"0":"entry","1":"page","2":"publish","3":"author-pastorrubi","4":"post-1955","6":"has-post-thumbnail"},"aioseo_notices":[],"jetpack_sharing_enabled":true,"jetpack_shortlink":"https:\/\/wp.me\/P8020h-vx","_links":{"self":[{"href":"https:\/\/www.esglesiarubi.org\/esglesia\/wp-json\/wp\/v2\/pages\/1955","targetHints":{"allow":["GET"]}}],"collection":[{"href":"https:\/\/www.esglesiarubi.org\/esglesia\/wp-json\/wp\/v2\/pages"}],"about":[{"href":"https:\/\/www.esglesiarubi.org\/esglesia\/wp-json\/wp\/v2\/types\/page"}],"author":[{"embeddable":true,"href":"https:\/\/www.esglesiarubi.org\/esglesia\/wp-json\/wp\/v2\/users\/3"}],"replies":[{"embeddable":true,"href":"https:\/\/www.esglesiarubi.org\/esglesia\/wp-json\/wp\/v2\/comments?post=1955"}],"version-history":[{"count":0,"href":"https:\/\/www.esglesiarubi.org\/esglesia\/wp-json\/wp\/v2\/pages\/1955\/revisions"}],"up":[{"embeddable":true,"href":"https:\/\/www.esglesiarubi.org\/esglesia\/wp-json\/wp\/v2\/pages\/587"}],"wp:featuredmedia":[{"embeddable":true,"href":"https:\/\/www.esglesiarubi.org\/esglesia\/wp-json\/wp\/v2\/media\/1898"}],"wp:attachment":[{"href":"https:\/\/www.esglesiarubi.org\/esglesia\/wp-json\/wp\/v2\/media?parent=1955"}],"curies":[{"name":"wp","href":"https:\/\/api.w.org\/{rel}","templated":true}]}}