{"id":109,"date":"2012-04-06T19:40:23","date_gmt":"2012-04-06T18:40:23","guid":{"rendered":"http:\/\/www.esglesiarubi.org\/esglesia\/?page_id=109"},"modified":"2016-11-09T08:39:47","modified_gmt":"2016-11-09T07:39:47","slug":"nuestros-pastores","status":"publish","type":"page","link":"https:\/\/www.esglesiarubi.org\/esglesia\/nuestros-pastores\/","title":{"rendered":"Nuestros pastores"},"content":{"rendered":"<address>\u00a0<\/address>\n<address><strong><span style=\"text-decoration: underline;\">\u00a0<\/span><\/strong><\/address>\n<address><strong><span style=\"text-decoration: underline;\">Nuestros pastores<\/span><\/strong><\/address>\n<p>&nbsp;<\/p>\n<address>CRONOLOGIA DE PASTORES QUE INTERVINIERON EN LA OBRA DE RUBI<\/address>\n<address>\u00a0<\/address>\n<table border=\"1\" width=\"318\" cellspacing=\"0\" cellpadding=\"0\">\n<tbody>\n<tr>\n<td valign=\"top\" width=\"236\">Pastor, Francisco Albricias<\/td>\n<td valign=\"top\">1881-1889<\/td>\n<\/tr>\n<tr>\n<td valign=\"top\" width=\"236\">Pastor, don Rufino Fragua<\/td>\n<td valign=\"top\">1889-1906<\/td>\n<\/tr>\n<tr>\n<td valign=\"top\" width=\"236\">Profesor y pastor, don Antonio Sancho<\/td>\n<td valign=\"top\">1906-1915<\/td>\n<\/tr>\n<tr>\n<td valign=\"top\" width=\"236\">Profesor y pastor, don Juan Cap\u00f3 Ferrer<\/td>\n<td valign=\"top\">1915-1934<\/td>\n<\/tr>\n<tr>\n<td valign=\"top\" width=\"236\">Pastor, don Daniel Mir Barri<\/td>\n<td valign=\"top\">1934-1939<\/td>\n<\/tr>\n<tr>\n<td valign=\"top\" width=\"236\">Diaconisa, do\u00f1a Isabel Adams<\/td>\n<td valign=\"top\">1940-1947<\/td>\n<\/tr>\n<tr>\n<td valign=\"top\" width=\"236\">Pastor, don Jos\u00e9 Cap\u00f3 Ferrer<\/td>\n<td valign=\"top\">1947-1950<\/td>\n<\/tr>\n<tr>\n<td valign=\"top\" width=\"236\">Pastor, don Juan Cap\u00f3 Ferrer (2\u00aa etapa)<\/td>\n<td valign=\"top\">1951-1955<\/td>\n<\/tr>\n<tr>\n<td valign=\"top\" width=\"236\">Pastor, don Joan Vall\u00e9s Bonet<\/td>\n<td valign=\"top\">1956-1979<\/td>\n<\/tr>\n<tr>\n<td valign=\"top\" width=\"236\">Pastor, don Samuel Cort\u00e9s Cuevas<\/td>\n<td valign=\"top\">1980-1985<\/td>\n<\/tr>\n<tr>\n<td valign=\"top\" width=\"236\">Carlos Cap\u00f3 Inglada<\/td>\n<td valign=\"top\">1987-2004<\/td>\n<\/tr>\n<tr>\n<td valign=\"top\" width=\"236\">Jonatan Landeira<\/td>\n<td valign=\"top\">2004-2006<\/td>\n<\/tr>\n<tr>\n<td valign=\"top\" width=\"236\">Nathalie Revedin Effront<\/td>\n<td valign=\"top\">2008-2010<\/td>\n<\/tr>\n<tr>\n<td valign=\"top\" width=\"236\">Ignacio Simal Camps<\/td>\n<td valign=\"top\">2010-2012<\/td>\n<\/tr>\n<tr>\n<td valign=\"top\" width=\"236\">Jonatan Navarro<\/td>\n<td valign=\"top\">2012<\/td>\n<\/tr>\n<\/tbody>\n<\/table>\n<p>&nbsp;<\/p>\n<address>\u00a0<\/address>\n<address><span style=\"text-decoration: underline;\"><strong>Francisco Albricias (1856-1934)<\/strong><\/span><\/address>\n<address>Iniciador de la obra evang\u00e9lica en Rub\u00ed<\/address>\n<address>\u00a0<\/address>\n<address><em><span style=\"text-decoration: underline;\"><a href=\"http:\/\/www.esglesiarubi.org\/esglesia\/wp-content\/uploads\/2012\/04\/1856-Francisco-Albricias1.jpg\"><img loading=\"lazy\" decoding=\"async\" class=\"alignnone size-medium wp-image-154\" title=\"1856 Francisco Albricias\" src=\"http:\/\/www.esglesiarubi.org\/esglesia\/wp-content\/uploads\/2012\/04\/1856-Francisco-Albricias1-224x300.jpg\" alt=\"\" width=\"224\" height=\"300\" srcset=\"https:\/\/www.esglesiarubi.org\/esglesia\/wp-content\/uploads\/2012\/04\/1856-Francisco-Albricias1-224x300.jpg 224w, https:\/\/www.esglesiarubi.org\/esglesia\/wp-content\/uploads\/2012\/04\/1856-Francisco-Albricias1-765x1024.jpg 765w, https:\/\/www.esglesiarubi.org\/esglesia\/wp-content\/uploads\/2012\/04\/1856-Francisco-Albricias1.jpg 1049w\" sizes=\"auto, (max-width: 224px) 100vw, 224px\" \/><\/a><\/span><\/em><\/address>\n<address>\u00a0<\/address>\n<address>Francisco Albricias nace en el a\u00f1o 1856.<\/address>\n<address>De familia humilde y adoptado por sus padrinos, pasa parte de su infancia en Rubi.<\/address>\n<address>A la edad de 14 a\u00f1os y mientras reside en la Barceloneta, entra en contacto con ambientes protestantes con los que confirma su adhesi\u00f3n a esta confesi\u00f3n cristiana.<\/address>\n<address>En el a\u00f1o 1877 reci\u00e9n llegado de Suiza donde curs\u00f3 estudios de pedagog\u00eda y teolog\u00eda, se hace cargo de un grupo protestante que se reun\u00eda en Monistrol de Montserrat y unos a\u00f1os despu\u00e9s se crea otro en San Vicen\u00e7 de Castellet.<\/address>\n<address>Durante su estancia en Monistrol se casa con Julia Goetz de origen alsaciano, con la cual tiene dos hijos.<\/address>\n<address>Despu\u00e9s de un periodo de enfermedad, le obliga a volver a Barcelona y en el a\u00f1o 1881 se traslada a Rubi donde inicia una labor pedag\u00f3gica para ni\u00f1os y tambi\u00e9n para adultos, fundando las escuelas evang\u00e9licas en Rubi.<\/address>\n<address>Al mismo tiempo se dedica al desarrollo de la comunidad evang\u00e9lica.<\/address>\n<address>En el a\u00f1o 1886 despu\u00e9s de un conflicto que le enfrenta con el cura local y que se resuelve con un juicio, el pastor y maestro ha de abandonar Rubi.<\/address>\n<address>Despu\u00e9s de esto, Francisco Albricias se establece en Alicante donde funda la llamada y conocida en su tiempo \u201cEscuela Modelo\u201d, en la cual se aplican modernos m\u00e9todos pedag\u00f3gicos. La instituci\u00f3n es conocida tambi\u00e9n por la biblioteca y el museo.<\/address>\n<address>Despu\u00e9s de Alicante y debido a problemas de salud, Albricias marcha a Barcelona donde fallece en el a\u00f1o 1934 cuando ten\u00eda 78 a\u00f1os.<\/address>\n<address>\u00a0<\/address>\n<address>Durante su estancia en Rubi y adem\u00e1s de su actividad como maestro y pastor, funda una sociedad de ayudas mutuas para trabajadores llamada \u201cla Fraternidad\u201d.<\/address>\n<address>Introducido en el ambiente de su \u00e9poca, se da a conocer como un republicano y tiene alguna influencia en la formaci\u00f3n de un grupo de defensores de este r\u00e9gimen pol\u00edtico.<\/address>\n<address>En este aspecto de su persona corresponde su participaci\u00f3n en el Casino Rubinense y de una logia mas\u00f3nica.<\/address>\n<address>Tambi\u00e9n publica el semanario \u201cEl Rubinense\u201d.<\/address>\n<address>Por los datos que se conocen, Albricias parece haber tenido un papel relevante en su momento.<\/address>\n<address>La llegada de Albricias y la fundaci\u00f3n de las Escuelas Evang\u00e9licas son un hecho importante en la historia de nuestra ciudad.<\/address>\n<address>La aplicaci\u00f3n de nuevos m\u00e9todos pedag\u00f3gicos por su parte se pueden entender como un elemento activador \u00f3 reactivador de unas estructuras educativas caducadas o insuficientes.<\/address>\n<address>La condici\u00f3n protestante de Albricias y su formaci\u00f3n teol\u00f3gica nos permiten pensar que deb\u00eda ser una persona dotada de un esp\u00edritu vanguardista bien situado en los ambientes renovadores de su tiempo.<\/address>\n<p>&nbsp;<\/p>\n<address>La comunidad evang\u00e9lica centenaria de Rub\u00ed, reconoce en su fundador el testimonio de un evangelio vivido en una relaci\u00f3n de apertura y dialogo con la realidad y vemos en \u00e9l un ejemplo de una voluntad y un esp\u00edritu creativo y constructivo delante de los retos y las dificultades que la sociedad presenta.<\/address>\n<p>&nbsp;<\/p>\n<address>A la hora de dedicar una calle a su memoria, la misma comunidad quiere expresar el deseo de poder reencontrar en las nuevas condiciones de libertad y pluralismo religioso, nuevos motivos para renovar su testimonio en Jesucristo, manteniendo su presencia en la sociedad rubinense para una contribuci\u00f3n positiva de su desarrollo.<\/address>\n<address>Samuel Cort\u00e9s<\/address>\n<p>&nbsp;<\/p>\n<address><span style=\"text-decoration: underline;\"><strong>Rufino Fragua (1889-1906)<\/strong><\/span><\/address>\n<p>\u00a0<a href=\"http:\/\/www.esglesiarubi.org\/esglesia\/wp-content\/uploads\/2012\/04\/1889-Rufino-Fragua.jpg\"><img loading=\"lazy\" decoding=\"async\" class=\"alignnone size-medium wp-image-155\" title=\"1889 Rufino Fragua\" src=\"http:\/\/www.esglesiarubi.org\/esglesia\/wp-content\/uploads\/2012\/04\/1889-Rufino-Fragua-215x300.jpg\" alt=\"\" width=\"215\" height=\"300\" srcset=\"https:\/\/www.esglesiarubi.org\/esglesia\/wp-content\/uploads\/2012\/04\/1889-Rufino-Fragua-215x300.jpg 215w, https:\/\/www.esglesiarubi.org\/esglesia\/wp-content\/uploads\/2012\/04\/1889-Rufino-Fragua.jpg 336w\" sizes=\"auto, (max-width: 215px) 100vw, 215px\" \/><\/a><\/p>\n<address>Rufino Fragua, fue un pastor muy celoso que inici\u00f3 una obra evangel\u00edstica m\u00e1s intensa que su antecesor, logrando varias conversiones, no meramente de adhesi\u00f3n al protestantismo, sino por el nuevo nacimiento espiritual.<\/address>\n<address>Entre ellas se cont\u00f3 la familia Vila y otras.<\/address>\n<address>\u00a0<\/address>\n<address>La abuela, y sobre todo su hija Elvira, eran tan fervorosamente cat\u00f3licas, que suspiraban y oraban los domingos cu\u00e1ndo el abuelo les ordenaba trabajar en el negocio, impidi\u00e9ndoles asistir a misa.<\/address>\n<address>Se les hab\u00eda inculcado la obligaci\u00f3n de o\u00edr misa todos los domingos y fiestas de guardar, y el faltar a misa era juzgado como pecado mortal.<\/address>\n<address>\u00a0<\/address>\n<address>Como medida protestataria por la injusticia cometida contra el anterior maestro, Pedro Vila comenz\u00f3 a enviar a sus hijos no solamente a la escuela diaria, sino tambi\u00e9n los domingos al culto protestante.<\/address>\n<address>Esta situaci\u00f3n fue aprovechada por el nuevo maestro, don Rufino Fragua, sucesor del desterrado, para invitarles a una conversaci\u00f3n personal un d\u00eda entre semana por la noche.<\/address>\n<address>Ellos prometieron ir, pero el d\u00eda se\u00f1alado no hicieron acto de presencia.<\/address>\n<address>Al domingo siguiente, les dijo:<\/address>\n<address>\u00a0<\/address>\n<address>Les estuve esperando con la l\u00e1mpara de petr\u00f3leo encendida desde las siete hasta las once y ustedes no vinieron. \u00bfVendr\u00e1n esta semana? \u00bfMe dan palabra de que no me tendr\u00e9 que quedar esperando como en la anterior?<\/address>\n<address>\u00a0<\/address>\n<address>\u00a1Pobre hombre! -exclam\u00f3 mi t\u00eda Elvira, tan pobre como es y ha estado gastando petr\u00f3leo en vano por culpa de nuestra informalidad!<\/address>\n<address>Vamos a ir esta semana.<\/address>\n<address>\u00a0<\/address>\n<address>As\u00ed lo hicieron ella y mi padre, y al salir de la entrevista ambos hab\u00edan comprendido el plan de salvaci\u00f3n de Dios y aceptado a Cristo como su Salvador personal.<\/address>\n<address>La conversaci\u00f3n se hab\u00eda basado sobre el cap\u00edtulo 5 de Romanos.<\/address>\n<address>\u00a0<\/address>\n<address>Nunca me hubiera imaginado que los cristianos pudi\u00e9ramos estar tan seguros de la salvaci\u00f3n de nuestra alma, exclam\u00f3 mi t\u00eda, rebosante de gozo.<\/address>\n<address>Ni yo tampoco, core\u00f3 el joven Luis.<\/address>\n<address>\u00a1Esto es realmente maravilloso!<\/address>\n<address>\u00a0<\/address>\n<address>\u00bfPor qu\u00e9 nunca nos lo hab\u00edan explicado de forma tan clara en la Iglesia Cat\u00f3lica? Sin embargo, es cierto; as\u00ed est\u00e1 escrito en el Nuevo Testamento de Nuestro Se\u00f1or Jesucristo y no podemos negarlo.<\/address>\n<address>\u00a0<\/address>\n<address>\u00bf Por qu\u00e9 el sacerdote dice la misa en lat\u00edn de manera que no podemos entender nada? \u00bfPor qu\u00e9 nos hablan tanto de los santos y tan poco de Jesucristo? Yo siempre hab\u00eda compadecido a Jesucristo por lo que le hicieron sufrir los jud\u00edos, pero nunca hab\u00eda llegado a entender, como hoy, que El sufri\u00f3 por nosotros para poder regalarnos una salvaci\u00f3n completa y perfecta y de aqu\u00ed en adelante te digo que voy a agradec\u00e9rselo con todo mi coraz\u00f3n.<\/address>\n<address>\u00a0<\/address>\n<address>Poco tiempo despu\u00e9s, la conversi\u00f3n de los dos j\u00f3venes era seguida por la de otros miembros de la familia.<\/address>\n<address>\u00a0<\/address>\n<address>Don Rufino Fragua estuvo siete a\u00f1os en el pastorado de la iglesia de Rub\u00ed, desde 1889 a 1906, a causa de que en el Cristianismo evang\u00e9lico existen diferentes matices de pr\u00e1cticas de culto que nada tienen que ver con la doctrina esencial del Evangelio, pero a las que cada grupo cristiano se siente obligado dentro del r\u00e9gimen de libertad y sinceridad absoluta que predomina en la fe evang\u00e9lica.<\/address>\n<address>\u00a0<\/address>\n<address>Ello dio lugar a un cambio de pastorado, pero el grupo de creyentes convertidos e instruidos por don Rufino Fragua rehus\u00f3 desligarse de la Iglesia Metodista y formar en Rub\u00ed una Asamblea de Hermanos.<\/address>\n<address>Pensaron que era mucho m\u00e1s importante evitar a la poblaci\u00f3n cat\u00f3lica del peque\u00f1o pueblo el espect\u00e1culo de desuni\u00f3n entre los cristianos evang\u00e9licos, y por tanto hicieron un pacto con los dirigentes metodistas de que continuar\u00edan como miembros de la iglesia pero no bautizar\u00edan a sus hijos sino despu\u00e9s de que \u00e9stos fueran convertidos.<\/address>\n<address>A\u00fan hoy la Iglesia Evang\u00e9lica Espa\u00f1ola de Rub\u00ed se rige por este pacto, y est\u00e1 compuesta por miembros de diversos criterios denominacionales (bautistas, hermanos y metodistas), colaborando todos juntos en la mejor armon\u00eda.<\/address>\n<address>\u00a0<\/address>\n<address>Creemos que es un honor para esta iglesia el haberse mantenido en esta postura ecum\u00e9nica por todo un siglo, cuando ninguna clase de comprensi\u00f3n y tolerancia se practicaba, ni con los cat\u00f3licos, ni siquiera entre los propios evang\u00e9licos en sus peque\u00f1as diferencias rituales de culto.<\/address>\n<address>\u00a0<\/address>\n<address>\u00a0<\/address>\n<address>\u00a0<\/address>\n<address>\u00a0<\/address>\n<address><strong><span style=\"text-decoration: underline;\">Juan Cap\u00f3 (1889-1967 vida)<\/span><\/strong><\/address>\n<p><a href=\"http:\/\/www.esglesiarubi.org\/esglesia\/wp-content\/uploads\/2012\/04\/1967-Juan-Capo-y-Magdalena-3.jpg\"><img loading=\"lazy\" decoding=\"async\" class=\"alignnone size-medium wp-image-156\" title=\"1967 Juan Capo y Magdalena 3\" src=\"http:\/\/www.esglesiarubi.org\/esglesia\/wp-content\/uploads\/2012\/04\/1967-Juan-Capo-y-Magdalena-3-300x240.jpg\" alt=\"\" width=\"300\" height=\"240\" srcset=\"https:\/\/www.esglesiarubi.org\/esglesia\/wp-content\/uploads\/2012\/04\/1967-Juan-Capo-y-Magdalena-3-300x240.jpg 300w, https:\/\/www.esglesiarubi.org\/esglesia\/wp-content\/uploads\/2012\/04\/1967-Juan-Capo-y-Magdalena-3-1024x822.jpg 1024w\" sizes=\"auto, (max-width: 300px) 100vw, 300px\" \/><\/a><\/p>\n<address>Don Juan naci\u00f3 en Mah\u00f3n el 7 de abril de 1889, en el seno de Una familia evang\u00e9lica. Su padre, don Juan Cap\u00f3 Pons, estaba al servicio de la Iglesia Evang\u00e9lica Metodista como predicador y como maestro en la Escuela evang\u00e9lica.<\/address>\n<address>Do\u00f1a Magdalena naci\u00f3 en Capdepera (Mallorca), el 26 de enero de 1893, en el seno de una familia evang\u00e9lica, tambi\u00e9n de la Iglesia Evang\u00e9lica Metodista.<\/address>\n<address>Ambos coincidieron en Barcelona, a donde fueron llamados para ser debidamente formados y entrar al servicio de la Iglesia Evang\u00e9lica Metodista y sus Escuelas de ense\u00f1anza diaria.<\/address>\n<address>Contrajeron matrimonio en septiembre de 1916, cuando ya estaban cumpliendo servicios auxiliares tanto en las iglesias como en la ense\u00f1anza escolar.<\/address>\n<address>Iniciaron su ministerio pastoral y docente en Rub\u00ed. don Juan en septiembre <strong>1915<\/strong>, como pastor y do\u00f1a Magdalena, un a\u00f1o despu\u00e9s, como estrecha cooperadora pastoral de su esposo.<\/address>\n<address>Ambos ejercieron asimismo como maestros y directores de las Escuelas diarias de ni\u00f1os y de ni\u00f1as.<\/address>\n<address>Don Juan fu\u00e9 ordenado como pastor en julio 1933.<\/address>\n<address>Posteriormente sirvieron a las Iglesias de Barcelona El Clot y Pueblo Nuevo, desde 1934 hasta 1938\/39.<\/address>\n<address>Durante el exilio en Francia, por la Guerra Civil, se mantuvieron al servicio pastoral en Nimes, entre los emigrados espa\u00f1oles, junto a la Iglesia Reformada de Francia y la Iglesia Metodista, dirigiendo cultos en ambas en la regi\u00f3n de Nimes.<\/address>\n<address>En 1943 pasaron a Mallorca, para cumplir el ministerio en las Iglesias de Palma, Capdepera y Porto-Cristo, hasta que en 1951 volvieron a Rub\u00ed por cuatro a\u00f1os m\u00e1s.<\/address>\n<address>En 1955 pasaron a residir con su hijo Humberto en Palma de Mallorca, donde continuaron cooperando al servicio de las mismas iglesias hasta la defunci\u00f3n de don Juan el 22 de abril 1967.<\/address>\n<address>Desde entonces do\u00f1a Magdalena hab\u00eda continuado por unos a\u00f1os en Palma, prestando su apoyo a la vida congregacional.<\/address>\n<address>Residi\u00f3 un tiempo en Madrid con su hijo y desde el verano 1983 qued\u00f3 en Mallorca, donde el Se\u00f1or la llam\u00f3 de este mundo el 14 de mayo 1984.<\/address>\n<address>Tuvieron seis hijos. Tres no superaron las enfermedades de la infancia.<\/address>\n<address>El mayor, Ernesto, falleci\u00f3 en 1940, en Barcelona.<\/address>\n<address>Humberto, casado con do\u00f1a Marta Inglada, es pastor de la Iglesia Evang\u00e9lica Espa\u00f1ola, en Madrid.<\/address>\n<address>Federico, casado, con do\u00f1a Margarita Goldenkranz, reside en M\u00e9jico.<\/address>\n<address>De sus vidas, con su capacidad de entrega y de sacrificio, su riqueza espiritual, su capacidad intelectual, su testimonio evang\u00e9lico y su servicio a los dem\u00e1s en Cristo, se puede decir que fueron honestos, amables, serviciales, desprendidos, competentes. perseverantes y fieles, con mucho sacrificio, sufriendo con resignaci\u00f3n muertes de hijos, enfermedades, duras y privaciones a veces extenuantes, saliendo siempre a flote con \u00e1nimo renovado y manteniendo vivo y limpio el testimonio de su comuni\u00f3n con Dios, al que han servido juntos con integridad de coraz\u00f3n, con plena dedicaci\u00f3n y fidelidad.<\/address>\n<address>Por su ministerio muchos llegaron al conocimiento del Evangelio y a la salvaci\u00f3n en Cristo Jes\u00fas, siendo instruidos y edificados por la Palabra de Dios. Otros muchos, como alumnos, recibieron ense\u00f1anza, est\u00edmulos y ejemplo para tener m\u00e1s claro el camino de la vida. As\u00ed el Se\u00f1or les ha puesto en el camino de todos los que ahora, en su \u00edntimo sentir y recordar, hacen esta evocaci\u00f3n con gratitud profunda y sincera admiraci\u00f3n.<\/address>\n<address>\u00a0<\/address>\n<address>\u00a0<\/address>\n<address>\u00a0<\/address>\n<address><strong><span style=\"text-decoration: underline;\">Daniel Mir (1934-1939)<\/span><\/strong><\/address>\n<p>\u00a0<a href=\"http:\/\/www.esglesiarubi.org\/esglesia\/wp-content\/uploads\/2012\/04\/1934-Daniel-Mir.jpg\"><img loading=\"lazy\" decoding=\"async\" class=\"alignnone size-medium wp-image-157\" title=\"1934 Daniel Mir\" src=\"http:\/\/www.esglesiarubi.org\/esglesia\/wp-content\/uploads\/2012\/04\/1934-Daniel-Mir-225x300.jpg\" alt=\"\" width=\"225\" height=\"300\" srcset=\"https:\/\/www.esglesiarubi.org\/esglesia\/wp-content\/uploads\/2012\/04\/1934-Daniel-Mir-225x300.jpg 225w, https:\/\/www.esglesiarubi.org\/esglesia\/wp-content\/uploads\/2012\/04\/1934-Daniel-Mir.jpg 391w\" sizes=\"auto, (max-width: 225px) 100vw, 225px\" \/><\/a><\/p>\n<address>Daniel Mir, hijo del veterano colportor de la Sociedad B\u00edblica en Espa\u00f1a, don Emilio Mir.<\/address>\n<address>Su esposa era do\u00f1a Mar\u00eda Araujo, hija del gerente de la mencionada Sociedad B\u00edblica, don Adolfo Araujo.<\/address>\n<address>Su pastorado fue sorprendido por la guerra civil espa\u00f1ola y en el a\u00f1o 1939, llamado a filas tuvo que dejar la pastoraci\u00f3n, emigrando posteriormente a M\u00e9jico.<\/address>\n<address>\u00a0<\/address>\n<address>\u00a0<\/address>\n<address><strong><span style=\"text-decoration: underline;\">Juan Valles i Bonet (1956-1979)<\/span><\/strong><\/address>\n<address>\u00a0<\/address>\n<p><a href=\"http:\/\/www.esglesiarubi.org\/esglesia\/wp-content\/uploads\/2012\/04\/1978-Joan-Valles-Bonet.jpg\"><img loading=\"lazy\" decoding=\"async\" class=\"alignnone size-medium wp-image-158\" title=\"1978 Joan Valles Bonet\" src=\"http:\/\/www.esglesiarubi.org\/esglesia\/wp-content\/uploads\/2012\/04\/1978-Joan-Valles-Bonet-205x300.jpg\" alt=\"\" width=\"205\" height=\"300\" srcset=\"https:\/\/www.esglesiarubi.org\/esglesia\/wp-content\/uploads\/2012\/04\/1978-Joan-Valles-Bonet-205x300.jpg 205w, https:\/\/www.esglesiarubi.org\/esglesia\/wp-content\/uploads\/2012\/04\/1978-Joan-Valles-Bonet-701x1024.jpg 701w, https:\/\/www.esglesiarubi.org\/esglesia\/wp-content\/uploads\/2012\/04\/1978-Joan-Valles-Bonet.jpg 1216w\" sizes=\"auto, (max-width: 205px) 100vw, 205px\" \/><\/a><\/p>\n<address>Tras un tiempo en que la iglesia de Rub\u00ed desarrollaba sus actividades carente de pastor, el a\u00f1o 1956 fue ordenado pastor don Juan Vall\u00e9s Bonet, antiguo profesor de las escuelas de Pueblo Nuevo en calle Llull 161 de Barcelona y titular de varios centros escolares.<\/address>\n<address>\u00a0<\/address>\n<address>En dicho a\u00f1o el se\u00f1or Vall\u00e9s junto a su esposa, do\u00f1a Pepita Sala, pasaron a ejercer la pastoraci\u00f3n en la iglesia de Rub\u00ed, en donde realizaron un amplio ministerio, m\u00e1s que pastoral, podemos decir que paternal, no solamente para los ni\u00f1os de la iglesia de Rub\u00ed, sino para otras de la provincia, que siempre hallaron en el hogar de los esposos Vall\u00e9s, un hogar material y espiritual abierto.<\/address>\n<address>\u00a0<\/address>\n<address>Do\u00f1a Pepita Sala, fue llamada por el Se\u00f1or el 16-1-1972 a su presencia, con lo que el se\u00f1or Vall\u00e9s pas\u00f3 junto con la iglesia por el dolor de perder a su amada compa\u00f1era y consejera.<\/address>\n<address>\u00a0<\/address>\n<address>Don Juan Vall\u00e9 s Bonet, din\u00e1mico y activo, tuvo una parte muy importante en la \u00abFundaci\u00f3 Biblica Catalana\u00bb de la que fue presidente por varios a\u00f1os hasta su muerte, as\u00ed como presidente del Patronato de la Casa de Vacaciones \u00abAiguaviva\u00bb abierta a los ni\u00f1os y la juventud.<\/address>\n<address>\u00a0<\/address>\n<address>La muerte le sobrevino el 14-12-1979, cuando estaba cerca la Navidad y el 50 aniversario de la inauguraci\u00f3n del templo actual.<\/address>\n<address>\u00a0<\/address>\n<address>Fue una sorpresa para todos el fallecimiento de Joan Vall\u00e9s Bonet, pastor de la iglesia evang\u00e9lica de Rubi.<\/address>\n<address>Muri\u00f3 a los 64 a\u00f1os en la plenitud de su labor evang\u00e9lica cuando ten\u00eda entre manos muchos proyectos para llevar a t\u00e9rmino, particularmente los actos para la conmemoraci\u00f3n de los 50 a\u00f1os de apertura al culto de la iglesia de Rubi.<\/address>\n<address>El se\u00f1or Vall\u00e9s era un hombre muy popular y querido en nuestra Vila por sus feligreses evang\u00e9licos particularmente, pero tambi\u00e9n por muchas personas no pertenecientes a la comunidad evang\u00e9lica que hab\u00edan encontrado en \u00e9l por el franco dialogo y una estima de hermano cristiano.<\/address>\n<address>Era un hombre de una paz de esp\u00edritu y de una comprensi\u00f3n abierta a unos l\u00edmites no muy corrientes desgraciadamente en nuestra convivencia colectiva.<\/address>\n<address>\u00a0<\/address>\n<address>Ten\u00eda un hablar dulce sin estridencias y le gustaba escuchar con una paciencia franciscana a su interlocutor.<\/address>\n<address>Dejaba hablar y no interrump\u00eda, pero al final respond\u00eda con una calma y lucidez sorprendente.<\/address>\n<address>Era siempre condescendiente con quien discrepaba por razones obvias, acabando siempre con aquel sonreir que no escatimaba a nadie y que era entre otras virtudes uno de sus m\u00e1s grandes atractivos.<\/address>\n<address>\u00a0<\/address>\n<address>Yo hab\u00eda hablado muchas veces con \u00e9l.<\/address>\n<address>Durante el trayecto de Rubi a Barcelona en tren, en su despacho de su domicilio de la calle Colon, en algunas otras ocasiones en que hab\u00edamos coincidido en actos culturales celebrados en nuestra Vila.<\/address>\n<address>Otras veces me hab\u00eda hablado de algunos libros de los cuales hac\u00eda una recenci\u00f3n en estas paginas. Y nuestra \u00faltima conversaci\u00f3n har\u00eda hace unos meses en ocasi\u00f3n de la publicaci\u00f3n del Nuevo Testamento el cual me regal\u00f3 mientras marchaba hacia su despacho, donde estuvimos hablando por espacio de dos horas, entre otras muchas cosas de la magnifica residencia de vacaciones &#8220;Aiguaviva&#8221; que \u00e9l bautiz\u00f3 y cre\u00f3 personalmente a Sant Lloren\u00e7 de Morunys, al pie del Pedraforca.<\/address>\n<address>\u00a0<\/address>\n<address>Fue director del grupo escolar de la Generalitat en Berga antes de la guerra.<br \/>\nSecretario del departamento de educaci\u00f3n cristiana de I\u00b4EFE.<br \/>\nUno de los promotores de la Fundaci\u00f3n B\u00edblica Evang\u00e9lica de Catalu\u00f1a.<br \/>\nFue uno de los m\u00e1s activos colaboradores del equipo de traductores del Nuevo Testamento en catal\u00e1n que tanto exito ha tenido.<br \/>\nEstos son algunos de los cargos que ejerci\u00f3 seg\u00fan hemos leido estos d\u00edas, pero su actividad se extendi\u00f3 por muchos otros campos del movimiento evang\u00e9lico y de la cultura.<br \/>\nLa muerte de Joan Vall\u00e9s significa una p\u00e9rdida irreparable por la Iglesia Evang\u00e9lica Espa\u00f1ola y por nuestra Vila de un hombre culto, siempre atento a las inquietudes m\u00e1s espirituales, incansable colaborador de las cosas de Catalu\u00f1a.<br \/>\nEra un hombre que para \u00e9l no hab\u00edan fronteras humanas ni ideologicas, ni de sentimientos religiosos. Era tal como habr\u00eda de ser todo el mundo, porque el mundo fuese tal como todos querr\u00edamos que fuese.<br \/>\nEl acto de su entierro puso de manifiesto el gran duelo rubinense, a parte de las muuchas personalidades de asociaciones evang\u00e9licas que vinieron de fuera.<\/address>\n<address>Nosotros quisieramos haber escrito un articulo tal como se merec\u00eda el Sr. Vall\u00e9s, por la \u00edntima amistad que nos un\u00eda, por su capacidad intelectual, por el que representaba dentro del movimiento Evangelista catal\u00e1n y espa\u00f1ol. Por su gran catalanidad. Por su trato bueno, afable, por la gran atracci\u00f3n que ejerc\u00eda con quien \u00e9l trataba. Y por muchas otras cualidades que reun\u00eda el Sr. Vall\u00e9s. Pero en esta ocasi\u00f3n la pluma no ha correspondido nuestro deseo.<br \/>\nEl sentimiento que nos ha producido su traspaso, ha podido m\u00e1s que la fr\u00eda y triste realidad de un hecho del cual aun no hemos reaccionado. Sabemos no obstante, que disfruta de la paz de Cristo. La semilla que lanz\u00f3 en su paso por este mundo, mucha de ella ha fructificado y otra lo har\u00e1 m\u00e1s tarde.<br \/>\nEn el acto de entierro como suele suceder siempre, la gente hace comentarios del difunto. Escuch\u00e9 lo que una se\u00f1ora dec\u00eda a otra (seguramente las dos eran de la comunidad evang\u00e9lica). &#8220;El Se\u00f1or ha considerado que don Joan no era merecedor de vivir nuestro mundo sino el que tiene reservado para los que han estado sus mejores servidores&#8221;.<br \/>\nMe pareci\u00f3 una gran reflexi\u00f3n de una gran fe.<\/address>\n<address>\u00a0\u00a0\u00a0\u00a0\u00a0\u00a0\u00a0\u00a0\u00a0\u00a0\u00a0\u00a0\u00a0\u00a0\u00a0\u00a0\u00a0\u00a0\u00a0\u00a0\u00a0\u00a0\u00a0\u00a0\u00a0\u00a0\u00a0\u00a0\u00a0\u00a0\u00a0\u00a0\u00a0\u00a0\u00a0\u00a0\u00a0\u00a0\u00a0\u00a0\u00a0\u00a0\u00a0\u00a0\u00a0\u00a0\u00a0\u00a0\u00a0\u00a0\u00a0\u00a0\u00a0\u00a0\u00a0\u00a0\u00a0\u00a0\u00a0\u00a0\u00a0\u00a0\u00a0\u00a0\u00a0\u00a0\u00a0\u00a0\u00a0\u00a0\u00a0\u00a0\u00a0\u00a0\u00a0\u00a0\u00a0\u00a0\u00a0\u00a0\u00a0\u00a0\u00a0\u00a0\u00a0\u00a0\u00a0\u00a0 J. Ferrer Domingo<\/address>\n<p>&nbsp;<\/p>\n<p>&nbsp;<\/p>\n<address><strong><span style=\"text-decoration: underline;\">Samuel Cort\u00e9s Cuevas (1980-1985)<\/span><\/strong><\/address>\n<address>\u00a0<\/address>\n<p><a href=\"http:\/\/www.esglesiarubi.org\/esglesia\/wp-content\/uploads\/2012\/04\/1980-Samuel-Cort\u00e9s-Cuevas.jpg\"><img loading=\"lazy\" decoding=\"async\" class=\"alignnone size-medium wp-image-159\" title=\"1980 Samuel Cort\u00e9s Cuevas\" src=\"http:\/\/www.esglesiarubi.org\/esglesia\/wp-content\/uploads\/2012\/04\/1980-Samuel-Cort\u00e9s-Cuevas-300x289.jpg\" alt=\"\" width=\"300\" height=\"289\" \/><\/a><\/p>\n<address>Samuel Cort\u00e9s desempe\u00f1aba un puesto de trabajo en la empresa de energ\u00eda el\u00e9ctrica Fecsa y tambi\u00e9n llevaba la corresponsal\u00eda de Banco Hispano Americano.<\/address>\n<address>\u00a0<\/address>\n<address>El pastor Samuel Cort\u00e9s es ordenado ministro pastoral el 15 de mayo de 1983, aunque ya dirig\u00eda la comunidad desde 1980.<\/address>\n<address>Persona muy querida en nuestra poblaci\u00f3n por sus grandes cualidades en las que siempre di\u00f3 ejemplo de su fe, sabio consejero y gran predicador, porque sus mensajes llegaban siempre a los que los escuchaban.<\/address>\n<address>Inici\u00f3 la direcci\u00f3n de los programas radiofonicos Presencia Cristiana que se retransmit\u00edan por la emisora municipal radio Rubi.<\/address>\n<address>Samuel Cort\u00e9s falleci\u00f3 el 5 de enero de 1985.<\/address>\n<address>El dia de su entierro en el programa emitido por radio Rubi que se emite todos los domingos por la ma\u00f1ana, en una cinta grabada, nuestro pastor nos mand\u00f3 su \u00faltimo mensaje.<\/address>\n<address>El entierro tuvo lugar el pasado domingo a las 11 de la ma\u00f1ana en la iglesia y se inici\u00f3 con la predicaci\u00f3n a cargo del pastor Enrique Cap\u00f3 en el que expres\u00f3 su p\u00e9same a la esposa del pastor, reci\u00e9n desaparecido as\u00ed como a su hijo y dem\u00e1s familia con lecturas b\u00edblicas.<\/address>\n<address>La bendici\u00f3n y despedida fue a cargo del pastor Sr. Mendoza venido expresamente de Madrid.<\/address>\n<address>La gran concentraci\u00f3n de gente en la iglesia para despedir el duelo, fue una muestra de cari\u00f1o hacia el finado; descanse en paz en la plenitud del Se\u00f1or, nuestro querido pastor.<\/address>\n<address>\u00a0\u00a0\u00a0\u00a0\u00a0\u00a0\u00a0\u00a0\u00a0\u00a0\u00a0\u00a0\u00a0\u00a0\u00a0\u00a0\u00a0\u00a0\u00a0\u00a0\u00a0\u00a0\u00a0\u00a0\u00a0\u00a0\u00a0\u00a0\u00a0\u00a0\u00a0\u00a0\u00a0\u00a0\u00a0\u00a0\u00a0\u00a0\u00a0\u00a0\u00a0\u00a0\u00a0\u00a0\u00a0\u00a0\u00a0\u00a0\u00a0\u00a0\u00a0\u00a0\u00a0\u00a0\u00a0\u00a0\u00a0\u00a0\u00a0\u00a0\u00a0\u00a0\u00a0\u00a0\u00a0\u00a0\u00a0\u00a0 Josep Abarca<\/address>\n<address>\u00a0<\/address>\n<address>\u00a0<\/address>\n<address><span style=\"text-decoration: underline;\"><strong>Josep Torres Feixes (1985-1987)<\/strong><\/span><\/address>\n<address>\u00a0<\/address>\n<p><a href=\"http:\/\/www.esglesiarubi.org\/esglesia\/wp-content\/uploads\/2012\/04\/1985-Josep-Torres.jpg\"><img loading=\"lazy\" decoding=\"async\" class=\"alignnone size-medium wp-image-161\" title=\"1985 Josep Torres\" src=\"http:\/\/www.esglesiarubi.org\/esglesia\/wp-content\/uploads\/2012\/04\/1985-Josep-Torres-235x300.jpg\" alt=\"\" width=\"235\" height=\"300\" srcset=\"https:\/\/www.esglesiarubi.org\/esglesia\/wp-content\/uploads\/2012\/04\/1985-Josep-Torres-235x300.jpg 235w, https:\/\/www.esglesiarubi.org\/esglesia\/wp-content\/uploads\/2012\/04\/1985-Josep-Torres.jpg 479w\" sizes=\"auto, (max-width: 235px) 100vw, 235px\" \/><\/a><\/p>\n<address>Tras el fallecimiento de Samuel Cort\u00e9s, ejerce como responsable temporal durante dos a\u00f1os en nuestra comunidad don Josep Torres Feixes.<\/address>\n<address>\u00a0<\/address>\n<p>&nbsp;<\/p>\n<address><span style=\"text-decoration: underline;\"><strong>Carlos Cap\u00f3 Inglada (1987-2004)<\/strong><\/span><\/address>\n<address>\u00a0<\/address>\n<address><a href=\"http:\/\/www.esglesiarubi.org\/esglesia\/wp-content\/uploads\/2012\/04\/1987-Carlos-Capo.jpg\"><img loading=\"lazy\" decoding=\"async\" class=\"alignnone size-medium wp-image-162\" title=\"1987 Carlos Capo\" src=\"http:\/\/www.esglesiarubi.org\/esglesia\/wp-content\/uploads\/2012\/04\/1987-Carlos-Capo-281x300.jpg\" alt=\"\" width=\"281\" height=\"300\" srcset=\"https:\/\/www.esglesiarubi.org\/esglesia\/wp-content\/uploads\/2012\/04\/1987-Carlos-Capo-281x300.jpg 281w, https:\/\/www.esglesiarubi.org\/esglesia\/wp-content\/uploads\/2012\/04\/1987-Carlos-Capo-961x1024.jpg 961w, https:\/\/www.esglesiarubi.org\/esglesia\/wp-content\/uploads\/2012\/04\/1987-Carlos-Capo.jpg 1805w\" sizes=\"auto, (max-width: 281px) 100vw, 281px\" \/><\/a><\/address>\n<address>\u00a0<\/address>\n<address>Tras dos a\u00f1os del fallecimiento de Samuel Cort\u00e9s y ejerciendo como responsable temporal durante dos a\u00f1os don Josep Torres Feixes, llega en 1987 el pastor Carlos Cap\u00f3 que junto a su mujer Nathalie provienen como pastores de la iglesia del Clot en la calle Naci\u00f3n 24 de Barcelona.<br \/>\nAmbos cursaron sus estudios en Suiza donde se conocieron.<br \/>\nCarlos dirige los cultos, participa en la labor de la escuela dominical entre los m\u00e1s peque\u00f1os y clases de catec\u00famenos, asi como estudios b\u00edblicos.<br \/>\nEn el a\u00f1o 2000 Carlos junto a Joan Valles i Sala y un grupo de colaboraciones, se implican en la gran obra de ayuda social llamada Fraternadal.<br \/>\nCrea la editorial Gayata ediciones (siglas correspondientes a sus tres hijos Gabriel, Yasmina y Tatiana) y edita el libro &#8220;el protestantismo de la A a la Z&#8221;.<br \/>\nDurante su etapa en Rubi, colabora en los comentarios biblicos del programa &#8220;Presencia Cristiana&#8221; que se transmite por radio Rubi en la frecuencia de 99,7Mhz desde el a\u00f1o 1981.<br \/>\nAl final de su etapa pastoral en Rubi, inicia una campa\u00f1a de concienciaci\u00f3n entre los feligreses para un cambio que desde hace a\u00f1os se estaba insistiendo y anunciando;<br \/>\nLa subsistencia econ\u00f3mica de nuestras iglesias por nosotros mismos.<br \/>\nDesde la \u00e9poca de la guerra, est\u00e1bamos recibiendo ayudas econ\u00f3micas desde iglesias en el extranjero.<br \/>\nEn el a\u00f1o 2006 inicia unos estudios comunitarios sobre el tema &#8220;un barco llamado iglesia&#8221;.<br \/>\nCarlos y a causa de una serie de problemas de salud producida por constantes aritmias, en el a\u00f1o 2004 decide solicitar un par de a\u00f1os de excendencia.<br \/>\nEl tiempo se prolonga y mientras comparte la ayuda del pastorado con el reci\u00e9n llegado J. Landeira, finalmente en febrero del 2007 decide trasladarse a la comunidad de Tallers 26 en Barcelona a tiempo completo.<br \/>\nCarlos y Nathalie comparten su tiempo de dedicaci\u00f3n en la iglesia con la creaci\u00f3n de una empresa en Rub\u00ed dedicada a la lactancia llamada Medela en un primer momento y Adela posteriormente.<br \/>\nParticipa en la &#8220;Comisi\u00f3n Permanent&#8221; de nuestras iglesias.<br \/>\nCarlos vive y colabora en dos celebraciones casi consecutivas y se\u00f1aladas en nuestra comunidad:<br \/>\nLos 75 a\u00f1os del templo (1930-2005) y los 125 a\u00f1os de la obra en Rub\u00ed (1881-2006).<br \/>\nEn Mayo del mismo 2006 se present\u00f3 tambi\u00e9n una exposici\u00f3n en la Caixa de Terrassa del mismo Rub\u00ed con motivo de la misma celebraci\u00f3n.<br \/>\nEl 15 de enero del 2006, Carlos y Nathalie reciben un agradecimiento p\u00fabico y un album regalo como reconocimiento de los veinte a\u00f1os de dedicaci\u00f3n en nuestra comunidad.<\/address>\n<address>Corregido por Carlos en fecha 2010-05-02<\/address>\n<address>Tras dos a\u00f1os del fallecimiento de Samuel Cort\u00e9s y ejerciendo como responsable temporal durante dos a\u00f1os don Josep Torres Feixes, llega en 1985 el pastor Carlos Cap\u00f3 que junto a su mujer Nathalie pastorean tambi\u00e9n la comunidad de la calle Naci\u00f3n en Barcelona. Ambos cursaron sus estudios en Suiza, en la Facultad Aut\u00f3noma de Teolog\u00eda Protestante de la Universidad de Ginebra, donde se conocieron.<br \/>\nCarlos divide su dedicaci\u00f3n entre ambas comunidades, dirige cultos, participando en la labor de la escuela dominical entre los m\u00e1s peque\u00f1os y clases de catec\u00famenos, estudios b\u00edblicos, visitaci\u00f3n, etc. En el a\u00f1o 1994, a\u00f1o en el que pasa a ejercer el ministerio pastoral a medio tiempo, dejando la pastoraci\u00f3n de la comunidad de Barcelona, crea la editorial Gayata ediciones (siglas correspondientes a sus tres hijos Gabriel, Yasmina y Tatiana) y edita el libro &#8220;El Protestantismo de la A a la Z&#8221;. En el a\u00f1o 1986 crea la revista Cristianismo Protestante, \u00f3rgano de la IEE.<br \/>\nEn el a\u00f1o 1990 crea el F\u00f3rum Joan Vall\u00e9s como lugar de debate y reflexi\u00f3n sobre temas de actualidad. A partir del a\u00f1o 1990, a partir de un grupo de lectura del documento de la Asamblea Ecum\u00e9nica de Se\u00fal \u201cJusticia, Paz, y Salvaguarda de la Creaci\u00f3n\u201d, inicia con un grupo de mujeres de la comunidad una labor de atenci\u00f3n a personas necesitadas que dar\u00e1 lugar, posteriormente, en el a\u00f1o 2001 a la organizaci\u00f3n y reestructuraci\u00f3n, junto con Joan Vall\u00e9s y Sala, del Departamento de Ayuda social que se ha ido adaptando y consolidando en su labor, con la \u00a0Asociaci\u00f3n FraterNadal, creada en el a\u00f1o 1993.<br \/>\nDurante su etapa en Rub\u00ed, colabora en los comentarios b\u00edblicos del programa &#8220;Presencia Cristiana&#8221; que se transmite por radio Rubi en la frecuencia de 99,7Mhz desde el a\u00f1o 1981.<br \/>\nAl final de su etapa pastoral en Rubi, inicia una campa\u00f1a de concienciaci\u00f3n entre los feligreses para un cambio que desde hace a\u00f1os se estaba insistiendo y anunciando: La autofinanciaci\u00f3n de la Iglesia mediante el sostenimiento de los fieles.<br \/>\nLa IEE desde los inicios en los que se crearon las comunidades ven\u00eda recibiendo ayudas econ\u00f3micas de las misiones del extranjero. Este sostenimiento exterior empez\u00f3 a reducirse dr\u00e1sticamente a partir del a\u00f1o 2003. Carlos Cap\u00f3, como tesorero de la Comisi\u00f3n Permanente colabor\u00f3 activamente en el desarrollo de una campa\u00f1a para promover una mayor participaci\u00f3n de los fieles en la financiaci\u00f3n de la iglesia, y su misi\u00f3n, tambi\u00e9n con el proceso de la Nueva Estrategia Para Una Iglesia en Misi\u00f3n.<\/address>\n<address>Carlos debido a problemas de salud, en el a\u00f1o 2004, solicita una excedencia como pastor. No obstante seguir\u00e1 ejerciendo el cargo de tesorero de la Comisi\u00f3n Permanente de la Iglesia Evang\u00e9lica Espa\u00f1ola, cargo que ostentaba desde el a\u00f1o 2001, siendo elegido como tal en el LXIX S\u00ednodo de la IEE, celebrado en Madrid. Durante el tiempo que dura su excedencia pastoral sigue colaborando como predicador y tambi\u00e9n en la emisi\u00f3n radiof\u00f3nica de la comunidad. En febrero de 2007 es llamado a ejercer el ministerio en la comunidad de la calle Tallers, en Barcelona, hecho que podr\u00e1 fin a su excedencia pastoral a partir de abril del mismo a\u00f1o.<\/address>\n<address>Carlos y Nathalie as\u00ed mismo, se dedican a un trabajo secular creando y administrando una peque\u00f1a empresa de importaci\u00f3n y comercializaci\u00f3n de productos para la lactancia materna. La dedicaci\u00f3n a esta por parte de Carlos se reduce desde el momento que empieza la pastoraci\u00f3n de la comunidad de Barcelona a tiempo completo. En el LXXIII S\u00ednodo de la IEE celebrado en Barcelona en octubre de \u00a02009 Carlos es elegido Secretario 1\u00ba de la Comisi\u00f3n Permanente.<\/address>\n<address>Carlos participa estrechamente\u00a0 en dos celebraciones casi consecutivas y se\u00f1aladas en nuestra comunidad:<br \/>\nLos 75 a\u00f1os del templo (1930-2005) y los 125 a\u00f1os de la obra en Rub\u00ed (1881-2006). Esta \u00faltima da lugar a un interesante y variado programa de actos y celebraciones, una exposici\u00f3n de la historia de la comunidad, etc. que suscitan gran inter\u00e9s entre la poblaci\u00f3n. El 15 de enero del 2006, Carlos y Nathalie reciben un agradecimiento p\u00fabico y un \u00e1lbum regalo como reconocimiento de los veinte a\u00f1os de dedicaci\u00f3n en nuestra comunidad<\/address>\n<address>\u00a0<\/address>\n<p>&nbsp;<\/p>\n<address><strong><span style=\"text-decoration: underline;\">Jonathan Landeira Vallespin (2004-2006)<\/span><\/strong><\/address>\n<address>\u00a0<\/address>\n<address><a href=\"http:\/\/www.esglesiarubi.org\/esglesia\/wp-content\/uploads\/2012\/04\/2004-Jonatan-Landeira.jpg\"><img loading=\"lazy\" decoding=\"async\" class=\"alignnone size-medium wp-image-163\" title=\"2004 Jonatan Landeira\" src=\"http:\/\/www.esglesiarubi.org\/esglesia\/wp-content\/uploads\/2012\/04\/2004-Jonatan-Landeira-263x300.jpg\" alt=\"\" width=\"263\" height=\"300\" srcset=\"https:\/\/www.esglesiarubi.org\/esglesia\/wp-content\/uploads\/2012\/04\/2004-Jonatan-Landeira-263x300.jpg 263w, https:\/\/www.esglesiarubi.org\/esglesia\/wp-content\/uploads\/2012\/04\/2004-Jonatan-Landeira-899x1024.jpg 899w, https:\/\/www.esglesiarubi.org\/esglesia\/wp-content\/uploads\/2012\/04\/2004-Jonatan-Landeira.jpg 1756w\" sizes=\"auto, (max-width: 263px) 100vw, 263px\" \/><\/a><\/address>\n<address>\u00a0<\/address>\n<address>La preocupaci\u00f3n de la comunidad se centraba tras la marcha de Carlos en la b\u00fasqueda de un pastor que dirigiese nuestra comunidad.<br \/>\nReci\u00e9n llegados de Mallorca, se presentan el matrimonio Jonathan Landeira, su esposa Susana y su peque\u00f1o hijo Lucas.<br \/>\nLa problematica de Jonathan en este tiempo fue compartir su labor de pastor en nuestra comunidad con un tiempo de trabajo que realizaba fuera de la iglesia y que necesitaba para el sustento de su familia.<br \/>\nDurante ese tiempo estuvo de instalador de aire acondicionado y luego como encargado de mantenimiento en una empresa, con la que se sent\u00eda muy a gusto, pero siempre pendiente de guardias y actuaciones intempestivas para su empresa fuera de horarios laborables.<br \/>\nCon nociones de informatica, actualiz\u00f3 el sistema existente en ordenadores de nuestra iglesia.<br \/>\nLos desplazamientos desde su vivienda en San Boi hasta Rubi tambi\u00e9n representaron un inconveniente por el tiempo dedicado.<br \/>\nTambi\u00e9n se implic\u00f3 en la obra de ayuda social Fraternadal.<br \/>\nLlev\u00f3 los estudios biblicos, reuniones de oraci\u00f3n y salidas con la escuela dominical de jovenes.<br \/>\nA mediados del a\u00f1o 2006 Jonathan se retira de la comunidad por problemas personales.<\/address>\n<address>\u00a0<\/address>\n<p>&nbsp;<\/p>\n<address><strong><span style=\"text-decoration: underline;\">Nathalie Reverden Effront (2008-2010)<\/span><\/strong><\/address>\n<address>\u00a0<\/address>\n<address><a href=\"http:\/\/www.esglesiarubi.org\/esglesia\/wp-content\/uploads\/2012\/04\/2008-Nathalie-Reverdin.jpg\"><img loading=\"lazy\" decoding=\"async\" class=\"alignnone size-medium wp-image-164\" title=\"2008 Nathalie Reverdin\" src=\"http:\/\/www.esglesiarubi.org\/esglesia\/wp-content\/uploads\/2012\/04\/2008-Nathalie-Reverdin-294x300.jpg\" alt=\"\" width=\"294\" height=\"300\" srcset=\"https:\/\/www.esglesiarubi.org\/esglesia\/wp-content\/uploads\/2012\/04\/2008-Nathalie-Reverdin-294x300.jpg 294w, https:\/\/www.esglesiarubi.org\/esglesia\/wp-content\/uploads\/2012\/04\/2008-Nathalie-Reverdin-1003x1024.jpg 1003w, https:\/\/www.esglesiarubi.org\/esglesia\/wp-content\/uploads\/2012\/04\/2008-Nathalie-Reverdin.jpg 1900w\" sizes=\"auto, (max-width: 294px) 100vw, 294px\" \/><\/a><\/address>\n<address>\u00a0<\/address>\n<address>El 13 de Julio de 2008 Nathalie Reverdin, esposa de Carlos Cap\u00f3 entra como pastora de nuestra comunidad a tiempo parcial.<br \/>\nNathalie toma el cargo de los cultos dominicales, colaboraciones en la ayuda social como entrega de alimentos e inicia unas fiestas multiculturales que ella misma programa coincidiendo con las fiestas mayores de nuestra poblaci\u00f3n en Junio.<br \/>\nInvita a grupos africanos y ex\u00f3ticos para compartir en nuestro patio culturas musicales diferentes.<br \/>\nAl igual que su marido Carlos, colabora en los comentarios biblicos del programa &#8220;Presencia Cristiana&#8221; que se transmite por radio Rubi en la frecuencia de 99,7Mhz desde el a\u00f1o 1981.<br \/>\nNathalie, se implica mucho con actividades de nuestra poblaci\u00f3n a nivel de ayuntamiento y en la escuela de m\u00fasica.<br \/>\nDe caracter emprendedor, libre, autonomo y dedicado, se ha adaptado e integrado perfectamente desde su origen suizo a nuestra lengua y costumbres catalanas.<\/address>\n<address>Nathalie expone su renuncia a la pastoraci\u00f3n de Rubi en Julio 2010 para dedicarse a impartir cursos y charlas de teolog\u00eda.<\/address>\n<p>&nbsp;<\/p>\n<p>&nbsp;<\/p>\n<address><span style=\"text-decoration: underline;\"><strong>Ignacio Simal Camps\u00a0 (2010-2012)<\/strong><\/span><\/address>\n<address>\u00a0<\/address>\n<address><a href=\"http:\/\/www.esglesiarubi.org\/esglesia\/wp-content\/uploads\/2012\/04\/2010-Ignacio-Simal.jpg\"><img loading=\"lazy\" decoding=\"async\" class=\"alignnone size-medium wp-image-165\" title=\"2010 Ignacio Simal\" src=\"http:\/\/www.esglesiarubi.org\/esglesia\/wp-content\/uploads\/2012\/04\/2010-Ignacio-Simal-260x300.jpg\" alt=\"\" width=\"260\" height=\"300\" srcset=\"https:\/\/www.esglesiarubi.org\/esglesia\/wp-content\/uploads\/2012\/04\/2010-Ignacio-Simal-260x300.jpg 260w, https:\/\/www.esglesiarubi.org\/esglesia\/wp-content\/uploads\/2012\/04\/2010-Ignacio-Simal-890x1024.jpg 890w, https:\/\/www.esglesiarubi.org\/esglesia\/wp-content\/uploads\/2012\/04\/2010-Ignacio-Simal.jpg 1188w\" sizes=\"auto, (max-width: 260px) 100vw, 260px\" \/><\/a><\/address>\n<address>\u00a0<\/address>\n<address>A partir de Julio del 2010, Ignacio Simal toma la responsabilidad como pastor de referencia en nuestra comunidad de Rubi para temas de predicaciones, asambleas y reuniones de consejo.<\/address>\n<address>Ignacio es fundador de &#8220;lupa protestante&#8221;, pastor de la Iglesia Evang\u00e9lica Espa\u00f1ola (IEE) en la comunidad de Bethel-Sant Pau (Barcelona), y director del departamento de comunicaci\u00f3n de la IEE.<\/address>\n<address>\u00a0<\/address>\n<address>\u00a0<\/address>\n<address><strong>Jonatan Navarro Estrada\u00a0 (2012)<\/strong><\/address>\n<address>\u00a0<\/address>\n<address><a href=\"http:\/\/www.esglesiarubi.org\/esglesia\/wp-content\/uploads\/2012\/04\/20120902-069b.jpg\"><img loading=\"lazy\" decoding=\"async\" class=\"alignnone size-medium wp-image-329\" title=\"20120902-069b\" src=\"http:\/\/www.esglesiarubi.org\/esglesia\/wp-content\/uploads\/2012\/04\/20120902-069b-227x300.jpg\" alt=\"\" width=\"227\" height=\"300\" srcset=\"https:\/\/www.esglesiarubi.org\/esglesia\/wp-content\/uploads\/2012\/04\/20120902-069b-227x300.jpg 227w, https:\/\/www.esglesiarubi.org\/esglesia\/wp-content\/uploads\/2012\/04\/20120902-069b-777x1024.jpg 777w, https:\/\/www.esglesiarubi.org\/esglesia\/wp-content\/uploads\/2012\/04\/20120902-069b.jpg 916w\" sizes=\"auto, (max-width: 227px) 100vw, 227px\" \/><\/a><\/address>\n<address>\u00a0<\/address>\n<address>Jonathan Navarro entra en la comunidad de Rubi el dia 2 de Septiembre de 2012 como nuevo pastor y relevando a Ignacio Simal, pastor de referencia en estos dos a\u00f1os pasados. Procedente de la iglesia del Clot en Barcelona (c\/ naci\u00f3n 24), Jonathan curs\u00f3 desde\u00a0agosto de 2008 cuatro a\u00f1os de estudios de Grado en Teolog\u00eda, \u00a0junto a su mujer Marta Lopez Ballalta, en el Seminario Evangelio Unido de Teologia (SEUT) ubicado en el Escorial (Madrid). Al finalizar sus estudios en agosto del 2012, ya habian sido planificado sus destinos correspondientes. Jonathan Navarro en la comunidad de Rub\u00ed en calle Col\u00f3n 6 y Marta Lopez en la iglesia de calle Tallers 26 de Barcelona. Ambos iniciaron su pastorado a principios de Septiembre del 2012. Jonathan tom\u00f3 el cargo de pastor en Rubi y como relevo de Ignacio Simal. Jonathan, un joven pastor de tan solo 38 a\u00f1os, se inicia en nuestra comunidad adaptandose a la situaci\u00f3n y membres\u00eda actual.<\/address>\n<address>\u00a0<\/address>\n<address>\u00a0<\/address>\n<address>Nota:<\/address>\n<address>Para ampliar las fotografias, puedes hacerlo simplemente clicando sobre cualquiera de ellas.<\/address>\n<address>\u00a0<\/address>\n<address>\u00a0<\/address>\n","protected":false},"excerpt":{"rendered":"<p>\u00a0 \u00a0 Nuestros pastores &nbsp; CRONOLOGIA DE PASTORES QUE INTERVINIERON EN LA OBRA DE RUBI \u00a0 Pastor, Francisco Albricias 1881-1889 Pastor, don Rufino Fragua 1889-1906 Profesor y pastor, don Antonio Sancho 1906-1915 Profesor y pastor, don Juan Cap\u00f3 Ferrer 1915-1934 Pastor, don Daniel Mir Barri 1934-1939 Diaconisa, do\u00f1a Isabel Adams 1940-1947 Pastor, don Jos\u00e9 Cap\u00f3 &#8230; <span class=\"more\"><a class=\"more-link\" href=\"https:\/\/www.esglesiarubi.org\/esglesia\/nuestros-pastores\/\">[Llegir m\u00e9s&#8230;]<\/a><\/span><\/p>\n","protected":false},"author":4,"featured_media":0,"parent":0,"menu_order":0,"comment_status":"open","ping_status":"open","template":"","meta":{"jetpack_post_was_ever_published":false,"footnotes":""},"class_list":["entry","page","publish","author-communitymanager","post-109"],"aioseo_notices":[],"jetpack_sharing_enabled":true,"jetpack_shortlink":"https:\/\/wp.me\/P8020h-1L","_links":{"self":[{"href":"https:\/\/www.esglesiarubi.org\/esglesia\/wp-json\/wp\/v2\/pages\/109","targetHints":{"allow":["GET"]}}],"collection":[{"href":"https:\/\/www.esglesiarubi.org\/esglesia\/wp-json\/wp\/v2\/pages"}],"about":[{"href":"https:\/\/www.esglesiarubi.org\/esglesia\/wp-json\/wp\/v2\/types\/page"}],"author":[{"embeddable":true,"href":"https:\/\/www.esglesiarubi.org\/esglesia\/wp-json\/wp\/v2\/users\/4"}],"replies":[{"embeddable":true,"href":"https:\/\/www.esglesiarubi.org\/esglesia\/wp-json\/wp\/v2\/comments?post=109"}],"version-history":[{"count":0,"href":"https:\/\/www.esglesiarubi.org\/esglesia\/wp-json\/wp\/v2\/pages\/109\/revisions"}],"wp:attachment":[{"href":"https:\/\/www.esglesiarubi.org\/esglesia\/wp-json\/wp\/v2\/media?parent=109"}],"curies":[{"name":"wp","href":"https:\/\/api.w.org\/{rel}","templated":true}]}}